{"id":11143,"date":"2022-06-20T10:06:26","date_gmt":"2022-06-20T08:06:26","guid":{"rendered":"https:\/\/www.boixados.com\/politica-de-privadesa\/"},"modified":"2023-11-20T18:57:46","modified_gmt":"2023-11-20T16:57:46","slug":"politica-de-privadesa","status":"publish","type":"page","link":"https:\/\/www.boixados.com\/ca\/politica-de-privadesa\/","title":{"rendered":"Pol\u00edtica de privadesa"},"content":{"rendered":"<h4><\/h4>\n<p>&nbsp;<\/p>\n<h4>INFORMACI\u00d3 SOBRE PROTECCI\u00d3 DE DADES<\/h4>\n<p>&nbsp;<\/p>\n<p><strong>1. Dades relatives al Responsable<\/strong><\/p>\n<p><b>\u00a0 \u00a0 \u00a0 \u00a0 \u00a0 \u00a0 \u00a0 \u00a0 \u00a0 \u00a0 \u00a0 \u00a0Responsable del tractament<\/b><\/p>\n<ol>\n<li style=\"list-style-type: none;\">\n<ol>\u00a0\u00a0&#8211; Entitat: BOIXAD\u00d3S ENVASOS MET\u00c0L\u00b7LICS, SL<\/ol>\n<ol>\u00a0\u00a0&#8211; CIF de l&#8217;entitat: B60519006<\/ol>\n<ol>\u00a0\u00a0&#8211; Adre\u00e7a de l&#8217;entitat: CARRETERA DE BERGA 183-187 &#8211; (08272) SANT FRUIT\u00d3S DE BAGES<\/ol>\n<ol>\u00a0\u00a0&#8211; Correu electr\u00f2nic de l&#8217;entitat: admin@boixados.com<\/ol>\n<ol>\u00a0\u00a0&#8211; Responsable del tractament: FERRAN BOIXAD\u00d3S ESCAL\u00c9<\/ol>\n<ol>\u00a0\u00a0&#8211; Tel\u00e8fon del Responsable del tractament: 938788885<\/ol>\n<ol>\u00a0\u00a0&#8211; Adre\u00e7a de correu electr\u00f2nic del Responsable del tractament: ADMIN@BOIXADOS.COM<\/ol>\n<\/li>\n<\/ol>\n<ol>\n<li style=\"list-style-type: none;\"><\/li>\n<\/ol>\n<p><strong>2. Finalitats<\/strong><\/p>\n<p>En compliment del que disposa el Reglament europeu 2016\/679 general de protecci\u00f3 de dades i la Llei org\u00e0nica 3\/2018, de protecci\u00f3 de dades personals i garantia de drets digitals, us informem que, segons la relaci\u00f3 que tingueu amb nosaltres, a\u00a0<strong>BOIXAD\u00d3S ENVASOS MET\u00c0L\u00b7LICS, SL<\/strong>\u00a0tractem les dades que ens faciliteu per a alguna o la totalitat de les finalitats seg\u00fcents:<\/p>\n<ul>\n<li style=\"list-style-type: none;\">\n<ul>\n<li style=\"list-style-type: none;\">\n<ul>\n<li>Compra\/venda de b\u00e9ns i serveis.<\/li>\n<li>Enviament d&#8217;informaci\u00f3 comercial de l&#8217;entitat mitjan\u00e7ant correu postal, correu electr\u00f2nic o altres.<\/li>\n<li>Gesti\u00f3 comptable, administrativa, de facturaci\u00f3 i de cobraments.<\/li>\n<li>Donar-vos un servei.<\/li>\n<li>Realitzaci\u00f3 de cobrament mitjan\u00e7ant TPV.<\/li>\n<li>Realitzaci\u00f3 de compres mitjan\u00e7ant botiga virtual a la p\u00e0gina web\/plataforma.<\/li>\n<li>Servei postvenda i fidelitzaci\u00f3.<\/li>\n<li>Tramitaci\u00f3 de pressupostos.<\/li>\n<li>Tractament de dades per a garanties i devolucions d&#8217;articles\/productes.<\/li>\n<\/ul>\n<\/li>\n<\/ul>\n<\/li>\n<\/ul>\n<p><strong>3. Termini de conservaci\u00f3 de les dades<\/strong><\/p>\n<ol>\n<li style=\"list-style-type: none;\"><\/li>\n<\/ol>\n<p>Les vostres dades seran conservades per un termini indefinit. En cas que requeriu que s&#8217;eliminin de forma anticipada, sol\u00b7liciteu-ho mitjan\u00e7ant l&#8217;exercici del dret de supressi\u00f3. Aix\u00ed mateix, les dades que per motius legals hagin de ser emmagatzemades durant un temps necessari per complir normes espec\u00edfiques seran bloquejades i \u00fanicament estaran a disposici\u00f3 de l&#8217;autoritat p\u00fablica corresponent.<\/p>\n<p><strong>4. Legitimaci\u00f3<\/strong><\/p>\n<p>La base legal per al tractament de les vostres dades rau en:<\/p>\n<ol>\n<li style=\"list-style-type: none;\">\n<ol>\n<li style=\"list-style-type: none;\">\n<ul>\n<li>Consentiment inequ\u00edvoc<\/li>\n<li>Consentiment inequ\u00edvoc<\/li>\n<li>Consentiment inequ\u00edvoc<\/li>\n<\/ul>\n<\/li>\n<\/ol>\n<\/li>\n<\/ol>\n<ol>\n<li style=\"list-style-type: none;\"><\/li>\n<\/ol>\n<p><strong>5. Destinataris<\/strong><\/p>\n<p>Les vostres dades personals seran comunicades a tercers en els sup\u00f2sits seg\u00fcents:<\/p>\n<ol>\n<li style=\"list-style-type: none;\">\n<ol>\n<li style=\"list-style-type: none;\">\n<ul>\n<li>Administraci\u00f3 tribut\u00e0ria<\/li>\n<li>Bancs i entitats financeres<\/li>\n<li>Gestoria\/assessoria<\/li>\n<li>No comparteixo les dades amb tercers.<\/li>\n<\/ul>\n<\/li>\n<\/ol>\n<\/li>\n<\/ol>\n<ol>\n<li style=\"list-style-type: none;\"><\/li>\n<\/ol>\n<p><strong>6. Drets<\/strong><\/p>\n<p>Teniu dret a obtenir confirmaci\u00f3 sobre si a\u00a0<strong>BOIXAD\u00d3S ENVASOS MET\u00c0L\u00b7LICS, SL<\/strong>\u00a0estem tractant dades personals que us concerneixin.<\/p>\n<p>Aix\u00ed mateix, teniu dret d&#8217;acc\u00e9s a les vostres dades personals, aix\u00ed com a sol\u00b7licitar la\u00a0<em>rectificaci\u00f3<\/em>\u00a0de les dades inexactes o, si escau, sol\u00b7licitar-ne la\u00a0<em>supressi\u00f3<\/em>\u00a0quan, entre altres motius, les dades ja no siguin necess\u00e0ries per a les finalitats per a les quals van ser recollides.<\/p>\n<p>En determinades circumst\u00e0ncies, podreu sol\u00b7licitar la\u00a0<em>limitaci\u00f3 del tractament<\/em>\u00a0de les vostres dades. En aquest cas, les conservarem \u00fanicament per a l&#8217;exercici o la defensa de reclamacions.<\/p>\n<p>Addicionalment, en determinades circumst\u00e0ncies i per motius relacionats amb la vostra situaci\u00f3 particular, podreu exercir el dret d&#8217;\u00a0<em>oposici\u00f3<\/em>\u00a0al tractament de les vostres dades.\u00a0<strong>BOIXAD\u00d3S ENVASOS MET\u00c0L\u00b7LICS, SL<\/strong>\u00a0deixar\u00e0 de tractar les dades, excepte per motius leg\u00edtims imperiosos o per l&#8217;exercici o la defensa de possibles reclamacions.<\/p>\n<p>Aix\u00ed mateix, podeu exercir el dret a la\u00a0<em>portabilitat<\/em>\u00a0de les dades, aix\u00ed com retirar els consentiments facilitats en qualsevol moment, sense que aix\u00f2 afecti la licitud del tractament basat en el consentiment previ a retirada.<\/p>\n<p>Si voleu fer \u00fas de qualsevol dels vostres drets, podeu fer-ho a trav\u00e9s dels enlla\u00e7os habilitats que trobareu a continuaci\u00f3:<\/p>\n<ol>\n<li style=\"list-style-type: none;\">\n<ol>\n<li style=\"list-style-type: none;\">\n<ul>\n<li>Per exercir el vostre dret d&#8217;\u00a0<strong>Acc\u00e9s<\/strong>,\u00a0feu clic\u00a0<a href=\"https:\/\/intranet.laboralrgpd.com\/webApp\/clientes_derechos\/derechos-formulario.php?id_cliente=cVVLaEEwT3J3WjV2T1pNeW8xOHdLQT09\" target=\"_blank\" rel=\"noopener\">aqu\u00ed<\/a><\/li>\n<li>Per exercir el vostre dret de\u00a0<strong>Rectificaci\u00f3<\/strong>,\u00a0feu clic\u00a0<a href=\"https:\/\/intranet.laboralrgpd.com\/webApp\/clientes_derechos\/derechos-formulario.php?id_cliente=cVVLaEEwT3J3WjV2T1pNeW8xOHdLQT09\" target=\"_blank\" rel=\"noopener\">aqu\u00ed<\/a><\/li>\n<li>Per exercir el vostre dret de\u00a0<strong>Supressi\u00f3 (Oblit)<\/strong>,\u00a0feu clic\u00a0<a href=\"https:\/\/intranet.laboralrgpd.com\/webApp\/clientes_derechos\/derechos-formulario.php?id_cliente=cVVLaEEwT3J3WjV2T1pNeW8xOHdLQT09\" target=\"_blank\" rel=\"noopener\">aqu\u00ed<\/a><\/li>\n<li>Per exercir el vostre dret de\u00a0<strong>Limitaci\u00f3 del tractament<\/strong>,\u00a0feu clic\u00a0<a href=\"https:\/\/intranet.laboralrgpd.com\/webApp\/clientes_derechos\/derechos-formulario.php?id_cliente=cVVLaEEwT3J3WjV2T1pNeW8xOHdLQT09\" target=\"_blank\" rel=\"noopener\">aqu\u00ed<\/a><\/li>\n<li>Per exercir el vostre dret d&#8217;\u00a0<strong>Oposici\u00f3<\/strong>,\u00a0feu clic\u00a0<a href=\"https:\/\/intranet.laboralrgpd.com\/webApp\/clientes_derechos\/derechos-formulario.php?id_cliente=cVVLaEEwT3J3WjV2T1pNeW8xOHdLQT09\" target=\"_blank\" rel=\"noopener\">aqu\u00ed<\/a><\/li>\n<li>Per exercir el vostre dret de\u00a0<strong>Portabilitat<\/strong>,\u00a0feu clic\u00a0<a href=\"https:\/\/intranet.laboralrgpd.com\/webApp\/clientes_derechos\/derechos-formulario.php?id_cliente=cVVLaEEwT3J3WjV2T1pNeW8xOHdLQT09\" target=\"_blank\" rel=\"noopener\">aqu\u00ed<\/a><\/li>\n<\/ul>\n<\/li>\n<\/ol>\n<\/li>\n<\/ol>\n<p>Alternativament, tamb\u00e9 us podeu adre\u00e7ar a nosaltres mitjan\u00e7ant correu postal a la seg\u00fcent adre\u00e7a:\u00a0<strong>CARRETERA DE BERGA 183-187 &#8211; (08272) SANT FRUIT\u00d3S DE BAGES<\/strong>,\u00a0adjuntant una fotoc\u00f2pia del DNI per certificar la identitat. Recordeu facilitar el m\u00e0xim d&#8217;informaci\u00f3 possible sobre la vostra sol\u00b7licitud: Nom i cognoms, adre\u00e7a de correu electr\u00f2nic que utilitzeu per al compte o el portal objecte de la vostra sol\u00b7licitud.<\/p>\n<p>Finalment, us informem que podeu adre\u00e7ar-vos a l&#8217;Ag\u00e8ncia Espanyola de Protecci\u00f3 de Dades i altres organismes p\u00fablics competents per a qualsevol reclamaci\u00f3 derivada del tractament de les vostres dades personals.<\/p>\n<p><strong>7. Pol\u00edtica de galetes<\/strong><\/p>\n<p>Per con\u00e8ixer les galetes que utilitzem a la nostra p\u00e0gina, recordeu que podeu accedir a la nostra Pol\u00edtica de galetes a trav\u00e9s de l&#8217;enlla\u00e7 seg\u00fcent\u00a0<a href=\"https:\/\/intranet.laboralrgpd.com\/politicaCookies\/index.php?sid=cVVLaEEwT3J3WjV2T1pNeW8xOHdLQT09\" target=\"_blank\" rel=\"noopener\">pol\u00edtica de galetes<\/a>.<\/p>\n","protected":false},"excerpt":{"rendered":"<p>&nbsp; INFORMACI\u00d3 SOBRE PROTECCI\u00d3 DE DADES &nbsp; 1. Dades relatives al Responsable \u00a0 \u00a0 \u00a0 \u00a0 \u00a0 \u00a0 \u00a0 \u00a0 \u00a0 \u00a0 \u00a0 \u00a0Responsable del tractament \u00a0\u00a0&#8211; Entitat: BOIXAD\u00d3S ENVASOS MET\u00c0L\u00b7LICS, SL \u00a0\u00a0&#8211; CIF de l&#8217;entitat: B60519006 \u00a0\u00a0&#8211; Adre\u00e7a de l&#8217;entitat: CARRETERA DE BERGA 183-187 &#8211; (08272) SANT FRUIT\u00d3S DE BAGES \u00a0\u00a0&#8211; Correu electr\u00f2nic de [&hellip;]<\/p>\n","protected":false},"author":2,"featured_media":0,"parent":0,"menu_order":0,"comment_status":"closed","ping_status":"closed","template":"","meta":{"_acf_changed":false,"footnotes":""},"class_list":["post-11143","page","type-page","status-publish","hentry"],"acf":[],"yoast_head":"<!-- This site is optimized with the Yoast SEO plugin v27.4 - https:\/\/yoast.com\/product\/yoast-seo-wordpress\/ -->\n<title>Pol\u00edtica de privadesa - Boixad\u00f3s<\/title>\n<meta name=\"robots\" content=\"noindex, follow\" \/>\n<meta property=\"og:locale\" content=\"ca_ES\" \/>\n<meta property=\"og:type\" content=\"article\" \/>\n<meta property=\"og:title\" content=\"Pol\u00edtica de privadesa - Boixad\u00f3s\" \/>\n<meta property=\"og:description\" content=\"&nbsp; INFORMACI\u00d3 SOBRE PROTECCI\u00d3 DE DADES &nbsp; 1. Dades relatives al Responsable \u00a0 \u00a0 \u00a0 \u00a0 \u00a0 \u00a0 \u00a0 \u00a0 \u00a0 \u00a0 \u00a0 \u00a0Responsable del tractament \u00a0\u00a0&#8211; Entitat: BOIXAD\u00d3S ENVASOS MET\u00c0L\u00b7LICS, SL \u00a0\u00a0&#8211; CIF de l&#8217;entitat: B60519006 \u00a0\u00a0&#8211; Adre\u00e7a de l&#8217;entitat: CARRETERA DE BERGA 183-187 &#8211; (08272) SANT FRUIT\u00d3S DE BAGES \u00a0\u00a0&#8211; Correu electr\u00f2nic de [&hellip;]\" \/>\n<meta property=\"og:url\" content=\"https:\/\/www.boixados.com\/ca\/politica-de-privadesa\/\" \/>\n<meta property=\"og:site_name\" content=\"Boixad\u00f3s\" \/>\n<meta property=\"article:publisher\" content=\"https:\/\/www.facebook.com\/SmartBoixados\/\" \/>\n<meta property=\"article:modified_time\" content=\"2023-11-20T16:57:46+00:00\" \/>\n<meta property=\"og:image\" content=\"https:\/\/www.boixados.com\/wp-content\/uploads\/2022\/06\/home5.jpg\" \/>\n\t<meta property=\"og:image:width\" content=\"646\" \/>\n\t<meta property=\"og:image:height\" content=\"316\" \/>\n\t<meta property=\"og:image:type\" content=\"image\/jpeg\" \/>\n<meta name=\"twitter:card\" content=\"summary_large_image\" \/>\n<meta name=\"twitter:label1\" content=\"Est. reading time\" \/>\n\t<meta name=\"twitter:data1\" content=\"4 minutes\" \/>\n<script type=\"application\/ld+json\" class=\"yoast-schema-graph\">{\"@context\":\"https:\\\/\\\/schema.org\",\"@graph\":[{\"@type\":\"WebPage\",\"@id\":\"https:\\\/\\\/www.boixados.com\\\/ca\\\/politica-de-privadesa\\\/\",\"url\":\"https:\\\/\\\/www.boixados.com\\\/ca\\\/politica-de-privadesa\\\/\",\"name\":\"Pol\u00edtica de privadesa - Boixad\u00f3s\",\"isPartOf\":{\"@id\":\"https:\\\/\\\/www.boixados.com\\\/#website\"},\"datePublished\":\"2022-06-20T08:06:26+00:00\",\"dateModified\":\"2023-11-20T16:57:46+00:00\",\"breadcrumb\":{\"@id\":\"https:\\\/\\\/www.boixados.com\\\/ca\\\/politica-de-privadesa\\\/#breadcrumb\"},\"inLanguage\":\"ca-ES\",\"potentialAction\":[{\"@type\":\"ReadAction\",\"target\":[\"https:\\\/\\\/www.boixados.com\\\/ca\\\/politica-de-privadesa\\\/\"]}]},{\"@type\":\"BreadcrumbList\",\"@id\":\"https:\\\/\\\/www.boixados.com\\\/ca\\\/politica-de-privadesa\\\/#breadcrumb\",\"itemListElement\":[{\"@type\":\"ListItem\",\"position\":1,\"name\":\"Portada\",\"item\":\"https:\\\/\\\/www.boixados.com\\\/\"},{\"@type\":\"ListItem\",\"position\":2,\"name\":\"Pol\u00edtica de privadesa\"}]},{\"@type\":\"WebSite\",\"@id\":\"https:\\\/\\\/www.boixados.com\\\/#website\",\"url\":\"https:\\\/\\\/www.boixados.com\\\/\",\"name\":\"Boixad\u00f3s\",\"description\":\"Dise\u00f1o y fabricaci\u00f3n de envases met\u00e1licos.\",\"publisher\":{\"@id\":\"https:\\\/\\\/www.boixados.com\\\/#organization\"},\"alternateName\":\"Boixad\u00f3s Smart Metal Packaging\",\"potentialAction\":[{\"@type\":\"SearchAction\",\"target\":{\"@type\":\"EntryPoint\",\"urlTemplate\":\"https:\\\/\\\/www.boixados.com\\\/?s={search_term_string}\"},\"query-input\":{\"@type\":\"PropertyValueSpecification\",\"valueRequired\":true,\"valueName\":\"search_term_string\"}}],\"inLanguage\":\"ca-ES\"},{\"@type\":\"Organization\",\"@id\":\"https:\\\/\\\/www.boixados.com\\\/#organization\",\"name\":\"Boixad\u00f3s\",\"alternateName\":\"Boixad\u00f3s Smart Metal Packaging\",\"url\":\"https:\\\/\\\/www.boixados.com\\\/\",\"logo\":{\"@type\":\"ImageObject\",\"inLanguage\":\"ca-ES\",\"@id\":\"https:\\\/\\\/www.boixados.com\\\/#\\\/schema\\\/logo\\\/image\\\/\",\"url\":\"https:\\\/\\\/www.boixados.com\\\/wp-content\\\/uploads\\\/2022\\\/06\\\/logo-home.png\",\"contentUrl\":\"https:\\\/\\\/www.boixados.com\\\/wp-content\\\/uploads\\\/2022\\\/06\\\/logo-home.png\",\"width\":280,\"height\":81,\"caption\":\"Boixad\u00f3s\"},\"image\":{\"@id\":\"https:\\\/\\\/www.boixados.com\\\/#\\\/schema\\\/logo\\\/image\\\/\"},\"sameAs\":[\"https:\\\/\\\/www.facebook.com\\\/SmartBoixados\\\/\",\"https:\\\/\\\/es.linkedin.com\\\/company\\\/smartboixados\",\"https:\\\/\\\/www.youtube.com\\\/c\\\/boixadosenvasosmetallicssl\"]}]}<\/script>\n<!-- \/ Yoast SEO plugin. -->","yoast_head_json":{"title":"Pol\u00edtica de privadesa - Boixad\u00f3s","robots":{"index":"noindex","follow":"follow"},"og_locale":"ca_ES","og_type":"article","og_title":"Pol\u00edtica de privadesa - Boixad\u00f3s","og_description":"&nbsp; INFORMACI\u00d3 SOBRE PROTECCI\u00d3 DE DADES &nbsp; 1. Dades relatives al Responsable \u00a0 \u00a0 \u00a0 \u00a0 \u00a0 \u00a0 \u00a0 \u00a0 \u00a0 \u00a0 \u00a0 \u00a0Responsable del tractament \u00a0\u00a0&#8211; Entitat: BOIXAD\u00d3S ENVASOS MET\u00c0L\u00b7LICS, SL \u00a0\u00a0&#8211; CIF de l&#8217;entitat: B60519006 \u00a0\u00a0&#8211; Adre\u00e7a de l&#8217;entitat: CARRETERA DE BERGA 183-187 &#8211; (08272) SANT FRUIT\u00d3S DE BAGES \u00a0\u00a0&#8211; Correu electr\u00f2nic de [&hellip;]","og_url":"https:\/\/www.boixados.com\/ca\/politica-de-privadesa\/","og_site_name":"Boixad\u00f3s","article_publisher":"https:\/\/www.facebook.com\/SmartBoixados\/","article_modified_time":"2023-11-20T16:57:46+00:00","og_image":[{"width":646,"height":316,"url":"https:\/\/www.boixados.com\/wp-content\/uploads\/2022\/06\/home5.jpg","type":"image\/jpeg"}],"twitter_card":"summary_large_image","twitter_misc":{"Est. reading time":"4 minutes"},"schema":{"@context":"https:\/\/schema.org","@graph":[{"@type":"WebPage","@id":"https:\/\/www.boixados.com\/ca\/politica-de-privadesa\/","url":"https:\/\/www.boixados.com\/ca\/politica-de-privadesa\/","name":"Pol\u00edtica de privadesa - Boixad\u00f3s","isPartOf":{"@id":"https:\/\/www.boixados.com\/#website"},"datePublished":"2022-06-20T08:06:26+00:00","dateModified":"2023-11-20T16:57:46+00:00","breadcrumb":{"@id":"https:\/\/www.boixados.com\/ca\/politica-de-privadesa\/#breadcrumb"},"inLanguage":"ca-ES","potentialAction":[{"@type":"ReadAction","target":["https:\/\/www.boixados.com\/ca\/politica-de-privadesa\/"]}]},{"@type":"BreadcrumbList","@id":"https:\/\/www.boixados.com\/ca\/politica-de-privadesa\/#breadcrumb","itemListElement":[{"@type":"ListItem","position":1,"name":"Portada","item":"https:\/\/www.boixados.com\/"},{"@type":"ListItem","position":2,"name":"Pol\u00edtica de privadesa"}]},{"@type":"WebSite","@id":"https:\/\/www.boixados.com\/#website","url":"https:\/\/www.boixados.com\/","name":"Boixad\u00f3s","description":"Dise\u00f1o y fabricaci\u00f3n de envases met\u00e1licos.","publisher":{"@id":"https:\/\/www.boixados.com\/#organization"},"alternateName":"Boixad\u00f3s Smart Metal Packaging","potentialAction":[{"@type":"SearchAction","target":{"@type":"EntryPoint","urlTemplate":"https:\/\/www.boixados.com\/?s={search_term_string}"},"query-input":{"@type":"PropertyValueSpecification","valueRequired":true,"valueName":"search_term_string"}}],"inLanguage":"ca-ES"},{"@type":"Organization","@id":"https:\/\/www.boixados.com\/#organization","name":"Boixad\u00f3s","alternateName":"Boixad\u00f3s Smart Metal Packaging","url":"https:\/\/www.boixados.com\/","logo":{"@type":"ImageObject","inLanguage":"ca-ES","@id":"https:\/\/www.boixados.com\/#\/schema\/logo\/image\/","url":"https:\/\/www.boixados.com\/wp-content\/uploads\/2022\/06\/logo-home.png","contentUrl":"https:\/\/www.boixados.com\/wp-content\/uploads\/2022\/06\/logo-home.png","width":280,"height":81,"caption":"Boixad\u00f3s"},"image":{"@id":"https:\/\/www.boixados.com\/#\/schema\/logo\/image\/"},"sameAs":["https:\/\/www.facebook.com\/SmartBoixados\/","https:\/\/es.linkedin.com\/company\/smartboixados","https:\/\/www.youtube.com\/c\/boixadosenvasosmetallicssl"]}]}},"_links":{"self":[{"href":"https:\/\/www.boixados.com\/ca\/wp-json\/wp\/v2\/pages\/11143","targetHints":{"allow":["GET"]}}],"collection":[{"href":"https:\/\/www.boixados.com\/ca\/wp-json\/wp\/v2\/pages"}],"about":[{"href":"https:\/\/www.boixados.com\/ca\/wp-json\/wp\/v2\/types\/page"}],"author":[{"embeddable":true,"href":"https:\/\/www.boixados.com\/ca\/wp-json\/wp\/v2\/users\/2"}],"replies":[{"embeddable":true,"href":"https:\/\/www.boixados.com\/ca\/wp-json\/wp\/v2\/comments?post=11143"}],"version-history":[{"count":0,"href":"https:\/\/www.boixados.com\/ca\/wp-json\/wp\/v2\/pages\/11143\/revisions"}],"wp:attachment":[{"href":"https:\/\/www.boixados.com\/ca\/wp-json\/wp\/v2\/media?parent=11143"}],"curies":[{"name":"wp","href":"https:\/\/api.w.org\/{rel}","templated":true}]}}